{"id":284,"date":"2012-09-14T13:50:12","date_gmt":"2012-09-14T11:50:12","guid":{"rendered":"http:\/\/www.phantasiewerkstatt-bogen.de\/?page_id=284"},"modified":"2026-03-30T14:36:26","modified_gmt":"2026-03-30T12:36:26","slug":"uber-uns","status":"publish","type":"page","link":"http:\/\/www.phantasiewerkstatt-bogen.de\/?page_id=284","title":{"rendered":"\u00dcBER UNS"},"content":{"rendered":"<p><img decoding=\"async\" loading=\"lazy\" class=\"alignleft  wp-image-380\" title=\"phantasiewerkstatt bogen\" src=\"http:\/\/www.phantasiewerkstatt-bogen.de\/wp-content\/uploads\/2012\/10\/DSC_0218-785x526.jpg\" alt=\"ansicht phantasiewerkstatt\" width=\"459\" height=\"281\" \/><\/p>\n<p>Das ist die Phantasiewerkstatt:<\/p>\n<p>Die beiden K\u00fcnstler Peter Herr und Georg Fuchssteiner sind die Gr\u00fcnder der Phantasiewerkstatt Bogen. Seit dem Jahr 2011 finden in dem einzigartigen Keramikfabrikgeb\u00e4ude Kurse f\u00fcr Kinder, Jugendliche und Erwachsene statt. Au\u00dferdem werden Kunstprojekte an Schulen und anderen sozialen Einrichtungen begleitet und durchgef\u00fchrt. Im Kernteam arbeiten etwa zehn Menschen, die selbstorganisiert als Kursleiter:innen mitgestalten. Die Phantasiewerkstatt ist Kernst\u00fcck des Hausprojektes, in dem auch noch weitere kreative Aktivit\u00e4ten geschehen: Im Haus befinden sich vier vermietete Ateliers, ein Musikaufnahmestudio sowie ein gro\u00dfer Coworkingspace, den sich aktuell zehn Keramiker:innen teilen. Die Keramikfabrik im Erdgeschoss ist noch in Kleinproduktion in Betrieb \u2013 dadurch k\u00f6nnen die dort vorhandenen Brenn\u00f6fen und Maschinen mitbenutzt werden.<br \/>\nDie Phantasiewerkstatt arbeitet grunds\u00e4tzlich nach den Prinzipien und Konzepten der Schule der Phantasie von Marielle und Prof. Rudolf Seitz, nach Arno Stern sowie Maria Montessori. Kurz erkl\u00e4rt: Die Phantasiewerkstatt ist ein erweitertes Materialangebot in Kombination mit Geschichten und Erz\u00e4hlungen, begleitet von erfahrenen und professionellen Menschen. Das zielf\u00fchrende Angebot: Es sollen neben der F\u00e4higkeit, eigene Ideen und unabh\u00e4ngiges Denken zu entwickeln, einhergehend handwerkliche F\u00e4higkeiten erlernt, die Sensomotorik verfeinert und nicht zuletzt die klassischen bildnerischen Kulturtechniken vermittelt werden.<br \/>\nEs werden aktuell w\u00e4hrend der Herbst- und Wintermonate fortlaufend zwei Kurse f\u00fcr Kinder, ein Kurs f\u00fcr Erwachsene sowie ein Kurs f\u00fcr Menschen mit Beeintr\u00e4chtigungen angeboten. In den Sommermonaten ist die Phantasiewerkstatt mobil und es werden Kunstprojekte direkt an Schulen und Ferienprogramme realisiert.<\/p>\n<p><strong>Organisiert wird die Werkstatt von :<\/strong><\/p>\n<p>Lena Schellinger<br \/>\n(Musikp\u00e4dagogin)<\/p>\n<p>Georg Fuchssteiner<br \/>\n(Maler \/ Graphiker)<\/p>\n<p>Peter Herr<br \/>\n(Produktdesigner \/ Modelleur)<\/p>\n<p><img decoding=\"async\" loading=\"lazy\" class=\"alignleft  wp-image-1448\" src=\"http:\/\/www.phantasiewerkstatt-bogen.de\/wp-content\/uploads\/2023\/09\/IMG_5082-300x169.jpg\" alt=\"\" width=\"483\" height=\"272\" srcset=\"http:\/\/www.phantasiewerkstatt-bogen.de\/wp-content\/uploads\/2023\/09\/IMG_5082-300x169.jpg 300w, http:\/\/www.phantasiewerkstatt-bogen.de\/wp-content\/uploads\/2023\/09\/IMG_5082-785x442.jpg 785w, http:\/\/www.phantasiewerkstatt-bogen.de\/wp-content\/uploads\/2023\/09\/IMG_5082-768x432.jpg 768w, http:\/\/www.phantasiewerkstatt-bogen.de\/wp-content\/uploads\/2023\/09\/IMG_5082-1536x864.jpg 1536w, http:\/\/www.phantasiewerkstatt-bogen.de\/wp-content\/uploads\/2023\/09\/IMG_5082-2048x1152.jpg 2048w, http:\/\/www.phantasiewerkstatt-bogen.de\/wp-content\/uploads\/2023\/09\/IMG_5082-210x118.jpg 210w\" sizes=\"(max-width: 483px) 100vw, 483px\" \/><\/p>\n<address>\u00a0<\/address>\n<address>\u00a0<\/address>\n<address>\u00a0<\/address>\n<address>\u00a0<\/address>\n<address>\u00a0<\/address>\n<address>\u00a0<\/address>\n<address>\u00a0<\/address>\n<address>\u00a0<\/address>\n<address>\u00a0<\/address>\n<address>\u00a0<\/address>\n<address>\u00a0<\/address>\n<address>\u00a0<\/address>\n<address>\u00a0<\/address>\n<address>\u00a0<\/address>\n<address>\u00a0<\/address>\n<address><strong>Lena Schellinger<br \/>\n<\/strong> 1985<br \/>\nFreischaffende Musikp\u00e4dagogin und Mitarbeiterin in der Kreismusikschule Mitterfels<strong><br \/>\n<\/strong><\/address>\n<address>und der Donau Wald Montessori Schule Bogen<\/address>\n<address>Seit 2018 in der Phantasiewerkstatt<\/address>\n<address>\u00a0<\/address>\n<address>2006 &#8211; 2011 Lehramt f\u00fcr Realschulen mit den F\u00e4chern Musik und Deutsch<\/address>\n<address>\u00a0\u00a0\u00a0\u00a0\u00a0\u00a0\u00a0\u00a0\u00a0\u00a0\u00a0\u00a0\u00a0\u00a0\u00a0\u00a0\u00a0\u00a0\u00a0\u00a0\u00a0\u00a0 an der LMU M\u00fcnchen und Hochschule f\u00fcr Musik und Theater M\u00fcnchen,<\/address>\n<address>\u00a0\u00a0\u00a0\u00a0\u00a0\u00a0\u00a0\u00a0\u00a0\u00a0\u00a0\u00a0\u00a0\u00a0\u00a0\u00a0\u00a0\u00a0\u00a0\u00a0\u00a0\u00a0 unter anderem: Hauptfach Klavier bei Prof. Claude-France Journ\u00e8s<\/address>\n<address>2013 &#8211; 2014 Ausbildung zur rhythmisch-musikalischen Erzieherin<\/address>\n<address>seit 2018\u00a0\u00a0\u00a0\u00a0\u00a0 Montessori Diplom-Lehrgang<\/address>\n<address>\u00a0<\/address>\n<address>\u00a0<\/address>\n<address>\u00a0<\/address>\n<address><strong>Georg Fuchssteiner<\/strong><\/address>\n<address>* 1982<\/address>\n<address>\n<address>Freischaffender Maler und Graphiker mit Ausstellungen im In- und\u00a0 Ausland<br \/>\nSeit 2011 in der Phantasiewerkstatt<\/address>\n<address>\u00a0<\/address>\n<address>2018\u00a0\u00a0\u00a0 Preis f\u00fcr bildende Kunst der Akademie der sch\u00f6nen K\u00fcnste Bayern<\/address>\n<\/address>\n<address>2011\u00a0\u00a0\u00a0 Diplom an der Akademie der bildenden K\u00fcnste M\u00fcnchen<\/address>\n<address>\u00a0\u00a0\u00a0\u00a0\u00a0\u00a0\u00a0\u00a0\u00a0\u00a0\u00a0\u00a0 Auszeichnung: Senator-Bernhard-Borst Preis<\/address>\n<address>2008\u00a0\u00a0 Jubil\u00e4umsstipendium zum 200j\u00e4hrigen Bestehen der AdBK M\u00fcnchen<\/address>\n<address>2005\u00a0\u00a0 Kulturf\u00f6rderpreis der Stadt Straubing<\/address>\n<address>\u00a0<\/address>\n<address>2012 &#8211; 2013\u00a0\u00a0\u00a0 T\u00e4tigkeit als Fachlehrer f\u00fcr Kunst am JTG Straubing<\/address>\n<address>2007 &#8211; 2009\u00a0\u00a0 Mitarbeit bei Kultur und Spielraum M\u00fcnchen<\/address>\n<address>2003 &#8211; 2009\u00a0\u00a0 Studium der freien Malerei an der AdBK\u00a0<\/address>\n<address>\u00a0\u00a0\u00a0\u00a0\u00a0\u00a0\u00a0\u00a0\u00a0\u00a0\u00a0\u00a0\u00a0\u00a0\u00a0\u00a0\u00a0\u00a0\u00a0\u00a0\u00a0\u00a0\u00a0\u00a0 bei Nikolaus Lang und Markus Oehlen<\/address>\n<address>1999 &#8211; 2003\u00a0\u00a0 Ausbildung zum Industriemechaniker<\/address>\n<address>\u00a0<\/address>\n<address>\u00a0<\/address>\n<address>\u00a0<\/address>\n<address><strong>Peter Herr<br \/>\n<\/strong><\/address>\n<address>* 1986<\/address>\n<address>Freischaffender Modelleur und Maler<br \/>\nSeit 2011 in der Phantasiewerkstatt<\/address>\n<address>\u00a0<\/address>\n<address>2004 &#8211; 2008\u00a0\u00a0 Ausbildung zum Modelleur und Produktdesigner an der\u00a0<\/address>\n<address>\u00a0\u00a0\u00a0\u00a0\u00a0\u00a0\u00a0\u00a0\u00a0\u00a0\u00a0\u00a0\u00a0\u00a0\u00a0\u00a0\u00a0\u00a0\u00a0\u00a0\u00a0\u00a0\u00a0\u00a0 Fachschule f\u00fcr Produktdesign in Selb<\/address>\n<address>2007 \u00a0\u00a0\u00a0\u00a0\u00a0\u00a0\u00a0\u00a0\u00a0\u00a0\u00a0\u00a0\u00a0\u00a0 Danner Preis der Danner-Stiftung<\/address>\n<address>\u00a0<\/address>\n<address>\u00a0<\/address>\n<address>\u00a0<\/address>\n<address>\u00a0<\/address>\n","protected":false},"excerpt":{"rendered":"<p>Das ist die Phantasiewerkstatt: Die beiden K\u00fcnstler Peter Herr und Georg Fuchssteiner sind die Gr\u00fcnder der Phantasiewerkstatt Bogen. Seit dem Jahr 2011 finden in dem einzigartigen Keramikfabrikgeb\u00e4ude Kurse f\u00fcr Kinder, Jugendliche und Erwachsene statt. Au\u00dferdem werden Kunstprojekte an Schulen und<\/p>\n","protected":false},"author":1,"featured_media":0,"parent":0,"menu_order":0,"comment_status":"closed","ping_status":"open","template":"","meta":[],"_links":{"self":[{"href":"http:\/\/www.phantasiewerkstatt-bogen.de\/index.php?rest_route=\/wp\/v2\/pages\/284"}],"collection":[{"href":"http:\/\/www.phantasiewerkstatt-bogen.de\/index.php?rest_route=\/wp\/v2\/pages"}],"about":[{"href":"http:\/\/www.phantasiewerkstatt-bogen.de\/index.php?rest_route=\/wp\/v2\/types\/page"}],"author":[{"embeddable":true,"href":"http:\/\/www.phantasiewerkstatt-bogen.de\/index.php?rest_route=\/wp\/v2\/users\/1"}],"replies":[{"embeddable":true,"href":"http:\/\/www.phantasiewerkstatt-bogen.de\/index.php?rest_route=%2Fwp%2Fv2%2Fcomments&post=284"}],"version-history":[{"count":66,"href":"http:\/\/www.phantasiewerkstatt-bogen.de\/index.php?rest_route=\/wp\/v2\/pages\/284\/revisions"}],"predecessor-version":[{"id":1494,"href":"http:\/\/www.phantasiewerkstatt-bogen.de\/index.php?rest_route=\/wp\/v2\/pages\/284\/revisions\/1494"}],"wp:attachment":[{"href":"http:\/\/www.phantasiewerkstatt-bogen.de\/index.php?rest_route=%2Fwp%2Fv2%2Fmedia&parent=284"}],"curies":[{"name":"wp","href":"https:\/\/api.w.org\/{rel}","templated":true}]}}